{"id":3916,"date":"2023-08-31T00:08:15","date_gmt":"2023-08-30T22:08:15","guid":{"rendered":"https:\/\/apolinar.eu\/?page_id=3916"},"modified":"2026-04-29T16:39:35","modified_gmt":"2026-04-29T14:39:35","slug":"novorozenecka-jednotka-intermediarni-pece","status":"publish","type":"page","link":"https:\/\/apolinar.eu\/vi\/neonatologie\/nedonoseny-nebo-nemocny-novorozenec\/novorozenecka-jednotka-intermediarni-pece\/","title":{"rendered":"Centrum rodinn\u00e9 p\u00e9\u010de pro nedono\u0161en\u00e9 novorozence"},"content":{"rendered":"                <div class=\"pdt-80 pdb-80 \"\r\n            >\r\n            <div class=\"wrapper2 anim_delay anim_drop1 observe\">\r\n                <h1 class=\"title_h2 \">Centrum rodinn\u00e9 p\u00e9\u010de pro nedono\u0161en\u00e9 novorozence<\/h1>                <div class=\"page_content reset_margins mgt-30\">\r\n                                                                                        <p>Na na\u0161em odd\u011blen\u00ed pe\u010dujeme o nedono\u0161en\u00e9 novorozence p\u0159ibli\u017en\u011b od 32. t\u00fddne. O n\u011bkter\u00e9 pacienty se star\u00e1me ihned po narozen\u00ed. U t\u00e9to skupiny pacient\u016f doch\u00e1z\u00ed obvykle k rychl\u00e9mu \u00fastupu komplikac\u00ed a mohou b\u00fdt um\u00edst\u011bn\u00e9 \u010dasn\u011b spole\u010dn\u011b na pokoj s maminkou. T\u011b\u017ece a extr\u00e9mn\u011b nedono\u0161en\u00ed novorozenci jsou k n\u00e1m p\u0159ekl\u00e1d\u00e1ni s odstupem t\u00fddn\u016f a\u017e m\u011bs\u00edc\u016f z jednotky intenzivn\u00ed p\u00e9\u010de s celou \u0159adou specifick\u00fdch zdravotn\u00edch komplikac\u00ed. D\u00edky mnohalet\u00fdm zku\u0161enostem se da\u0159\u00ed \u010detn\u00e9 komplikace na\u0161ich pacient\u016f zvl\u00e1dnout a propustit je dom\u016f obvykle kolem p\u0159edpokl\u00e1dan\u00e9ho term\u00ednu porodu.<\/p>\n<p>Odd\u011blen\u00ed je vybaven\u00e9 \u0161pi\u010dkovou technologi\u00ed a pracuje zde t\u00fdm zku\u0161en\u00fdch l\u00e9ka\u0159\u016f, sester a dal\u0161\u00edch specialist\u016f. Velmi d\u016fle\u017eitou sou\u010d\u00e1st\u00ed p\u00e9\u010de jste ale vy \u2013 rodi\u010de. Podporujeme bonding, klok\u00e1nkov\u00e1n\u00ed a jak\u00fdkoli kontakt s va\u0161\u00edm d\u00edt\u011btem \u2013 u\u017e od prvn\u00edch hodin po narozen\u00ed. Pokud to zdravotn\u00ed stav miminka a kapacita odd\u011blen\u00ed dovol\u00ed, nab\u00edz\u00edme mo\u017enost rooming-in, tedy spole\u010dn\u00e9ho pobytu maminky s nedono\u0161en\u00fdm d\u00edt\u011btem. Pokoje pro spole\u010dn\u00fd pobyt jsou vybaveny centr\u00e1ln\u00edm monitorovac\u00edm syst\u00e9mem, kter\u00fd umo\u017e\u0148uje nep\u0159etr\u017eit\u00e9 sledov\u00e1n\u00ed \u017eivotn\u00edch funkc\u00ed miminka v klidn\u00e9m a \u00fatuln\u00e9m prost\u0159ed\u00ed.<\/p>\n<p>Po propu\u0161t\u011bn\u00ed nab\u00edz\u00edme rodi\u010d\u016fm mo\u017enost kontroly v na\u0161\u00ed neonatologick\u00e9 ambulanci a rovn\u011b\u017e \u00fazce spolupracujeme s poradnami pro rizikov\u00e9 novorozence, zejm\u00e9na s Centrem komplexn\u00ed p\u00e9\u010de p\u0159i VFN.<\/p>\n<p>Nedono\u0161en\u00e9 d\u011bti maj\u00ed sv\u00e9 specifick\u00e9 pot\u0159eby a mate\u0159sk\u00e9 ml\u00e9ko je pro n\u011b tou nejlep\u0161\u00ed v\u00fd\u017eivou. Na odd\u011blen\u00ed v\u00e1m proto aktivn\u011b pom\u00e1h\u00e1me s kojen\u00edm nebo ods\u00e1v\u00e1n\u00edm mate\u0159sk\u00e9ho ml\u00e9ka. Na\u0161e lakta\u010dn\u00ed poradkyn\u011b jsou tu pro v\u00e1s a podpora kojen\u00ed je p\u0159irozenou sou\u010d\u00e1st\u00ed p\u00e9\u010de.<\/p>\n<p>Ch\u00e1peme, \u017ee toto obdob\u00ed m\u016f\u017ee b\u00fdt pro v\u00e1s nejen fyzicky n\u00e1ro\u010dn\u00e9, ale i psychicky vy\u010derp\u00e1vaj\u00edc\u00ed, pln\u00e9 emoc\u00ed, ot\u00e1zek i nejistoty. Proto v\u00e1m nab\u00edz\u00edme v r\u00e1mci pobytu tak\u00e9 psychosoci\u00e1ln\u00ed podporu, kterou zaji\u0161\u0165uj\u00ed klinick\u00e9 psycholo\u017eky, soci\u00e1ln\u00ed pracovnice a v neposledn\u00ed \u0159ad\u011b i person\u00e1l, kter\u00fd o miminko pe\u010duje.<\/p>\n<p>I kdy\u017e je p\u0159ed\u010dasn\u00fd porod n\u00e1ro\u010dn\u00e1 \u017eivotn\u00ed situace, jsme p\u0159ipraveni v\u00e1m pomoc a bezpe\u010dn\u011b dov\u00e9st va\u0161e miminko do vytou\u017een\u00e9ho c\u00edle, kter\u00fdm je propu\u0161t\u011bn\u00ed dom\u016f.<\/p>\n                                    <\/div>\r\n            <\/div>\r\n        <\/div>\r\n    \n\n    <!-- BLOK K -->\r\n    <section\r\n            class=\"pdt-40 pdb-80 \"\r\n        >\r\n        <div class=\"wrapper2\">\r\n                                                                                            <div class=\"grid small-space\">\r\n                                                                                <!-- ITEM 1 -->\r\n                            <div class=\"col1 bg3 radius10 pd-35 pd-25md observe anim_drop1 anim_delay dflex flex-dir-column offset_dist\">\r\n                                <div class=\"text_block w100p mgb-auto\">\r\n                                    <h3 class=\"title_h3\">Centrum rodinn\u00e9 p\u00e9\u010de pro nedono\u0161en\u00e9 novorozence<\/h3>\r\n                                                                                                                <div class=\"page_content reset_margins\">\r\n                                            <p>Podrobn\u00e9 informace pro rodi\u010de<\/p>\r\n                                        <\/div>\r\n                                                                    <\/div>\r\n                                <div class=\"pdt-20 w100p\">\r\n                                    <div class=\"grid small-space\">\r\n                                        <div class=\"col_default offset_half\">\r\n                                            <a href=\"https:\/\/apolinar.eu\/wp-content\/uploads\/2024\/05\/220429_GPK_NeonatologieJIP_letak_A4_local_lom-3.pdf\"\r\n                                               title=\"Centrum rodinn\u00e9 p\u00e9\u010de pro nedono\u0161en\u00e9 novorozence\"\r\n                                               target=\"_blank\"\r\n                                               class=\"btn_basic\">\r\n                                                Zobrazit                                            <\/a>\r\n                                        <\/div>\r\n                                        <div class=\"col_default offset_half\">\r\n                                            <a href=\"https:\/\/apolinar.eu\/wp-content\/uploads\/2024\/05\/220429_GPK_NeonatologieJIP_letak_A4_local_lom-3.pdf\"\r\n                                               title=\"Centrum rodinn\u00e9 p\u00e9\u010de pro nedono\u0161en\u00e9 novorozence\"\r\n                                               download\r\n                                               class=\"btn_basic border\">\r\n                                                St\u00e1hnout                                            <\/a>\r\n                                        <\/div>\r\n                                    <\/div>\r\n                                <\/div>\r\n                            <\/div>\r\n                                            <\/div>\r\n                                    <\/div>\r\n    <\/section>\r\n","protected":false},"excerpt":{"rendered":"","protected":false},"author":6,"featured_media":0,"parent":4010,"menu_order":0,"comment_status":"closed","ping_status":"closed","template":"","meta":{"_acf_changed":false,"footnotes":""},"class_list":["post-3916","page","type-page","status-publish","hentry"],"acf":[],"yoast_head":"<!-- This site is optimized with the Yoast SEO plugin v26.2 - https:\/\/yoast.com\/wordpress\/plugins\/seo\/ -->\n<title>Centrum rodinn\u00e9 p\u00e9\u010de pro nedono\u0161en\u00e9 novorozence - Porodnice U Apolin\u00e1\u0159e<\/title>\n<meta name=\"robots\" content=\"index, follow, max-snippet:-1, max-image-preview:large, max-video-preview:-1\" \/>\n<link rel=\"canonical\" href=\"https:\/\/apolinar.eu\/vi\/neonatologie\/nedonoseny-nebo-nemocny-novorozenec\/novorozenecka-jednotka-intermediarni-pece\/\" \/>\n<meta property=\"og:locale\" content=\"vi_VN\" \/>\n<meta property=\"og:type\" content=\"article\" \/>\n<meta property=\"og:title\" content=\"Centrum rodinn\u00e9 p\u00e9\u010de pro nedono\u0161en\u00e9 novorozence - Porodnice U Apolin\u00e1\u0159e\" \/>\n<meta property=\"og:url\" content=\"https:\/\/apolinar.eu\/vi\/neonatologie\/nedonoseny-nebo-nemocny-novorozenec\/novorozenecka-jednotka-intermediarni-pece\/\" \/>\n<meta property=\"og:site_name\" content=\"Porodnice U Apolin\u00e1\u0159e\" \/>\n<meta property=\"article:modified_time\" content=\"2026-04-29T14:39:35+00:00\" \/>\n<meta name=\"twitter:card\" content=\"summary_large_image\" \/>\n<script type=\"application\/ld+json\" class=\"yoast-schema-graph\">{\"@context\":\"https:\/\/schema.org\",\"@graph\":[{\"@type\":\"WebPage\",\"@id\":\"https:\/\/apolinar.eu\/vi\/neonatologie\/nedonoseny-nebo-nemocny-novorozenec\/novorozenecka-jednotka-intermediarni-pece\/\",\"url\":\"https:\/\/apolinar.eu\/vi\/neonatologie\/nedonoseny-nebo-nemocny-novorozenec\/novorozenecka-jednotka-intermediarni-pece\/\",\"name\":\"Centrum rodinn\u00e9 p\u00e9\u010de pro nedono\u0161en\u00e9 novorozence - Porodnice U Apolin\u00e1\u0159e\",\"isPartOf\":{\"@id\":\"https:\/\/apolinar.eu\/vi\/#website\"},\"datePublished\":\"2023-08-30T22:08:15+00:00\",\"dateModified\":\"2026-04-29T14:39:35+00:00\",\"breadcrumb\":{\"@id\":\"https:\/\/apolinar.eu\/vi\/neonatologie\/nedonoseny-nebo-nemocny-novorozenec\/novorozenecka-jednotka-intermediarni-pece\/#breadcrumb\"},\"inLanguage\":\"vi-VN\",\"potentialAction\":[{\"@type\":\"ReadAction\",\"target\":[\"https:\/\/apolinar.eu\/vi\/neonatologie\/nedonoseny-nebo-nemocny-novorozenec\/novorozenecka-jednotka-intermediarni-pece\/\"]}]},{\"@type\":\"BreadcrumbList\",\"@id\":\"https:\/\/apolinar.eu\/vi\/neonatologie\/nedonoseny-nebo-nemocny-novorozenec\/novorozenecka-jednotka-intermediarni-pece\/#breadcrumb\",\"itemListElement\":[{\"@type\":\"ListItem\",\"position\":1,\"name\":\"Dom\u016f\",\"item\":\"https:\/\/apolinar.eu\/vi\/\"},{\"@type\":\"ListItem\",\"position\":2,\"name\":\"Neonatologie\",\"item\":\"https:\/\/apolinar.eu\/vi\/neonatologie\/\"},{\"@type\":\"ListItem\",\"position\":3,\"name\":\"Nedono\u0161en\u00fd nebo nemocn\u00fd novorozenec\",\"item\":\"https:\/\/apolinar.eu\/vi\/neonatologie\/nedonoseny-nebo-nemocny-novorozenec\/\"},{\"@type\":\"ListItem\",\"position\":4,\"name\":\"Centrum rodinn\u00e9 p\u00e9\u010de pro nedono\u0161en\u00e9 novorozence\"}]},{\"@type\":\"WebSite\",\"@id\":\"https:\/\/apolinar.eu\/vi\/#website\",\"url\":\"https:\/\/apolinar.eu\/vi\/\",\"name\":\"Porodnice U Apolin\u00e1\u0159e\",\"description\":\"Klinika gynekologie, porodnictv\u00ed a neonatologie 1. LF UK a VFN v Praze\",\"potentialAction\":[{\"@type\":\"SearchAction\",\"target\":{\"@type\":\"EntryPoint\",\"urlTemplate\":\"https:\/\/apolinar.eu\/vi\/?s={search_term_string}\"},\"query-input\":{\"@type\":\"PropertyValueSpecification\",\"valueRequired\":true,\"valueName\":\"search_term_string\"}}],\"inLanguage\":\"vi-VN\"}]}<\/script>\n<!-- \/ Yoast SEO plugin. -->","yoast_head_json":{"title":"Centrum rodinn\u00e9 p\u00e9\u010de pro nedono\u0161en\u00e9 novorozence - Porodnice U Apolin\u00e1\u0159e","robots":{"index":"index","follow":"follow","max-snippet":"max-snippet:-1","max-image-preview":"max-image-preview:large","max-video-preview":"max-video-preview:-1"},"canonical":"https:\/\/apolinar.eu\/vi\/neonatologie\/nedonoseny-nebo-nemocny-novorozenec\/novorozenecka-jednotka-intermediarni-pece\/","og_locale":"vi_VN","og_type":"article","og_title":"Centrum rodinn\u00e9 p\u00e9\u010de pro nedono\u0161en\u00e9 novorozence - Porodnice U Apolin\u00e1\u0159e","og_url":"https:\/\/apolinar.eu\/vi\/neonatologie\/nedonoseny-nebo-nemocny-novorozenec\/novorozenecka-jednotka-intermediarni-pece\/","og_site_name":"Porodnice U Apolin\u00e1\u0159e","article_modified_time":"2026-04-29T14:39:35+00:00","twitter_card":"summary_large_image","schema":{"@context":"https:\/\/schema.org","@graph":[{"@type":"WebPage","@id":"https:\/\/apolinar.eu\/vi\/neonatologie\/nedonoseny-nebo-nemocny-novorozenec\/novorozenecka-jednotka-intermediarni-pece\/","url":"https:\/\/apolinar.eu\/vi\/neonatologie\/nedonoseny-nebo-nemocny-novorozenec\/novorozenecka-jednotka-intermediarni-pece\/","name":"Centrum rodinn\u00e9 p\u00e9\u010de pro nedono\u0161en\u00e9 novorozence - Porodnice U Apolin\u00e1\u0159e","isPartOf":{"@id":"https:\/\/apolinar.eu\/vi\/#website"},"datePublished":"2023-08-30T22:08:15+00:00","dateModified":"2026-04-29T14:39:35+00:00","breadcrumb":{"@id":"https:\/\/apolinar.eu\/vi\/neonatologie\/nedonoseny-nebo-nemocny-novorozenec\/novorozenecka-jednotka-intermediarni-pece\/#breadcrumb"},"inLanguage":"vi-VN","potentialAction":[{"@type":"ReadAction","target":["https:\/\/apolinar.eu\/vi\/neonatologie\/nedonoseny-nebo-nemocny-novorozenec\/novorozenecka-jednotka-intermediarni-pece\/"]}]},{"@type":"BreadcrumbList","@id":"https:\/\/apolinar.eu\/vi\/neonatologie\/nedonoseny-nebo-nemocny-novorozenec\/novorozenecka-jednotka-intermediarni-pece\/#breadcrumb","itemListElement":[{"@type":"ListItem","position":1,"name":"Dom\u016f","item":"https:\/\/apolinar.eu\/vi\/"},{"@type":"ListItem","position":2,"name":"Neonatologie","item":"https:\/\/apolinar.eu\/vi\/neonatologie\/"},{"@type":"ListItem","position":3,"name":"Nedono\u0161en\u00fd nebo nemocn\u00fd novorozenec","item":"https:\/\/apolinar.eu\/vi\/neonatologie\/nedonoseny-nebo-nemocny-novorozenec\/"},{"@type":"ListItem","position":4,"name":"Centrum rodinn\u00e9 p\u00e9\u010de pro nedono\u0161en\u00e9 novorozence"}]},{"@type":"WebSite","@id":"https:\/\/apolinar.eu\/vi\/#website","url":"https:\/\/apolinar.eu\/vi\/","name":"Porodnice U Apolin\u00e1\u0159e","description":"Klinika gynekologie, porodnictv\u00ed a neonatologie 1. LF UK a VFN v Praze","potentialAction":[{"@type":"SearchAction","target":{"@type":"EntryPoint","urlTemplate":"https:\/\/apolinar.eu\/vi\/?s={search_term_string}"},"query-input":{"@type":"PropertyValueSpecification","valueRequired":true,"valueName":"search_term_string"}}],"inLanguage":"vi-VN"}]}},"_links":{"self":[{"href":"https:\/\/apolinar.eu\/vi\/wp-json\/wp\/v2\/pages\/3916","targetHints":{"allow":["GET"]}}],"collection":[{"href":"https:\/\/apolinar.eu\/vi\/wp-json\/wp\/v2\/pages"}],"about":[{"href":"https:\/\/apolinar.eu\/vi\/wp-json\/wp\/v2\/types\/page"}],"author":[{"embeddable":true,"href":"https:\/\/apolinar.eu\/vi\/wp-json\/wp\/v2\/users\/6"}],"replies":[{"embeddable":true,"href":"https:\/\/apolinar.eu\/vi\/wp-json\/wp\/v2\/comments?post=3916"}],"version-history":[{"count":18,"href":"https:\/\/apolinar.eu\/vi\/wp-json\/wp\/v2\/pages\/3916\/revisions"}],"predecessor-version":[{"id":17801,"href":"https:\/\/apolinar.eu\/vi\/wp-json\/wp\/v2\/pages\/3916\/revisions\/17801"}],"up":[{"embeddable":true,"href":"https:\/\/apolinar.eu\/vi\/wp-json\/wp\/v2\/pages\/4010"}],"wp:attachment":[{"href":"https:\/\/apolinar.eu\/vi\/wp-json\/wp\/v2\/media?parent=3916"}],"curies":[{"name":"wp","href":"https:\/\/api.w.org\/{rel}","templated":true}]}}